{"id":3,"date":"2024-01-30T02:56:29","date_gmt":"2024-01-30T01:56:29","guid":{"rendered":"http:\/\/lomina.es\/?page_id=3"},"modified":"2024-02-18T02:33:28","modified_gmt":"2024-02-18T01:33:28","slug":"politica-privacidad","status":"publish","type":"page","link":"https:\/\/lomina.es\/?page_id=3","title":{"rendered":"Pol\u00edtica de privacidad"},"content":{"rendered":"\n<div class=\"wp-block-columns is-layout-flex wp-container-core-columns-layout-1 wp-block-columns-is-layout-flex\">\n<div class=\"wp-block-column is-layout-flow wp-block-column-is-layout-flow\" style=\"flex-basis:5%\"><\/div>\n\n\n\n<div class=\"wp-block-column is-layout-flow wp-block-column-is-layout-flow\" style=\"flex-basis:90%\">\n<h2 class=\"wp-block-heading\">1. \u00bfQUI\u00c9N ES EL RESPONSABLE DEL TRATAMIENTO?<\/h2>\n\n\n\n<p>Identidad del responsable: SINERSIS E-COMMERCE, S.L.U (B99372245)<\/p>\n\n\n\n<p>Direcci\u00f3n f\u00edsica: C\/ BRAVO MURILLO, 377 &#8211; 4\u00ba A 28020-MADRID<\/p>\n\n\n\n<p>Correo electr\u00f3nico: privacidad@milar.es<\/p>\n\n\n\n<h2 class=\"wp-block-heading\">2. \u00bfC\u00d3MO OBTENEMOS SUS DATOS?<\/h2>\n\n\n\n<p>Tipo de informaci\u00f3n personal que recopilamos.<br>Recopilamos su informaci\u00f3n personal a trav\u00e9s de:<\/p>\n\n\n\n<ul>\n<li>&#8211; El formulario de contacto<\/li>\n\n\n\n<li>&#8211; El formulario de registro<\/li>\n\n\n\n<li>&#8211; El formulario de acceso<\/li>\n\n\n\n<li>&#8211; El correo electr\u00f3nico<\/li>\n\n\n\n<li>&#8211; El tel\u00e9fono de contacto<\/li>\n\n\n\n<li>&#8211; La direcci\u00f3n postal de la empresa<\/li>\n\n\n\n<li>&#8211; El formulario de activaci\u00f3n del chat<\/li>\n\n\n\n<li>&#8211; El formulario para realizar pedidos<\/li>\n\n\n\n<li>&#8211; El formulario de suscripci\u00f3n a newsletter<\/li>\n\n\n\n<li>&#8211; Redes sociales: Facebook, Twitter<\/li>\n\n\n\n<li>&#8211; Cookies propias y de terceros. Si desea saber m\u00e1s haga click en nuestra secci\u00f3n de&nbsp;<a href=\"https:\/\/www.milar.es\/cookies.html\">cookies<\/a>. El Usuario declara que los datos personales que facilita a SINERSIS en cualquier tramo del uso de esta web son veraces. Como Usuario debe saber que Usted, es el \u00fanico responsable de cualquier da\u00f1o o perjuicio, directo o indirecto, que pudiera ocasionarse a SINERSIS como responsable de este sitio web o a un tercero, si cumplimenta cualquier formulario con datos falsos o de terceras personas causando enga\u00f1o, da\u00f1o o perjuicio.<\/li>\n<\/ul>\n\n\n\n<p>Para que podamos mantener sus datos exactos y actualizados, rogamos al Usuario que nos comunique cualquier variaci\u00f3n que pueda darse en los datos facilitados.<\/p>\n\n\n\n<p>Queda prohibido por SINERSIS el env\u00edo de datos personales a trav\u00e9s de este sitio web por Usuarios menores de 13 a\u00f1os. En caso de que SINERSIS detecte Usuarios que pudieran ser menores de la indicada edad, no tratar\u00e1 sus datos ni por tanto dar\u00e1 respuesta a las solicitudes.<\/p>\n\n\n\n<p>SINERSIS se reserva el derecho a solicitar una copia de su DNI o documento equivalente que acredite su legitimaci\u00f3n en caso de tener sospechas fundadas sobre la minor\u00eda de edad del Usuario.\u2003<\/p>\n\n\n\n<h2 class=\"wp-block-heading\">3. \u00bfQU\u00c9 DATOS PERSONALES TRATAMOS?<\/h2>\n\n\n\n<p>En el marco de los distintos tratamientos de actividades realizadas en la organizaci\u00f3n, se recaban los siguientes tipos:<\/p>\n\n\n\n<ul>\n<li>&#8211; Datos de car\u00e1cter identificativos.<\/li>\n\n\n\n<li>&#8211; Informaci\u00f3n Comercial.<\/li>\n\n\n\n<li>&#8211; Transacciones de bienes y servicios.<\/li>\n\n\n\n<li>&#8211; Econ\u00f3micos y Financieros.<\/li>\n<\/ul>\n\n\n\n<h2 class=\"wp-block-heading\">4. \u00bfCON QU\u00c9 FINALIDAD Y CASOS ESPEC\u00cdFICOS CON QUE TRATAMOS LOS DATOS PERSONALES?<\/h2>\n\n\n\n<p>En www.milar.es se tratan los datos personales con las siguientes finalidades:<\/p>\n\n\n\n<ul>\n<li><strong>&#8211; Clientes:<\/strong>&nbsp;llevar a cabo la gesti\u00f3n de venta de bienes y servicios, facturaci\u00f3n, contabilidad, cobros, impagos, ofertas, presupuestos y contratos, atenci\u00f3n al cliente, contacto y relaciones comerciales.&nbsp;<\/li>\n\n\n\n<li><strong>&#8211; Clientes Potenciales:<\/strong>&nbsp;Realizar seguimiento y oportunidades comerciales para la organizaci\u00f3n.<\/li>\n\n\n\n<li><strong>&#8211; Proveedores:<\/strong>&nbsp;llevar a cabo la gesti\u00f3n de compras, contabilidad, pagos, gesti\u00f3n de albaranes y pedidos, contacto y relaciones comerciales.<\/li>\n\n\n\n<li><strong>&#8211; Newletter:<\/strong>&nbsp;Enviar informaci\u00f3n a trav\u00e9s de los medios proporcionados acerca de las novedades, noticias, productos y servicios relacionados con nosotros o nuestro sector.<\/li>\n\n\n\n<li><strong>&#8211; Contacto:<\/strong>&nbsp;responder a las solicitudes de informaci\u00f3n recibidas sobre los productos y servicios que se ofrecen, as\u00ed como dar respuesta a cualquier otro tipo de pregunta que env\u00eden los usuarios.<\/li>\n\n\n\n<li>Con los datos personales recabados no se elaboraran perfiles ni se realizar\u00e1n decisiones automatizadas.<\/li>\n<\/ul>\n\n\n\n<h2 class=\"wp-block-heading\">5. \u00bfCU\u00c1L ES LA LEGITIMACI\u00d3N PARA EL TRATAMIENTO DE LOS DATOS?<\/h2>\n\n\n\n<p>En la organizaci\u00f3n se pueden tratar informaci\u00f3n de car\u00e1cter personal para:<\/p>\n\n\n\n<ul>\n<li>&#8211; Cumplimiento de obligaciones Legales y regulatorias: regulaciones bancarias y financieras, prevenci\u00f3n del blanqueo de capitales y financiaci\u00f3n del terrorismo, cumplimiento de la legislaci\u00f3n relacionada con sanciones y embargos, el fraude fiscal y el cumplimiento de las obligaciones de control y notificaci\u00f3n fiscal.<\/li>\n\n\n\n<li>&#8211; Ejecuci\u00f3n de un Contrato: Informaci\u00f3n sobre los productos y\/o servicios contratados, gestionar solicitudes.<\/li>\n\n\n\n<li>&#8211; Consentimiento: Al acceder a nuestra web y rellenar los formularios o enviarnos datos a trav\u00e9s de los medios de contacto electr\u00f3nicos indicados, aceptas esta Pol\u00edtica de Privacidad. Es por ello, que nos basamos en el consentimiento del usuario para el tratamiento de sus datos. Adicionalmente, te informamos que s\u00f3lo usaremos la informaci\u00f3n de car\u00e1cter personal en virtud de esta Pol\u00edtica de Privacidad y, con car\u00e1cter general, solicitaremos tu consentimiento para usos con fines distintos de aqu\u00e9llos para los cuales los otorgaste inicialmente. Finalmente, te informamos que puedes retirar el consentimiento en cualquier momento, solo tendr\u00e1s que ponerte en contacto con nosotros a trav\u00e9s de los medios indicados en esta pol\u00edtica de privacidad<\/li>\n\n\n\n<li>Para la respuesta a las solicitudes, el interesado deber\u00e1 proporcionar la informaci\u00f3n m\u00ednima solicitada. En caso contrato, no podr\u00e1n ser atendidas.<\/li>\n<\/ul>\n\n\n\n<h2 class=\"wp-block-heading\">6. \u00bfDURANTE CU\u00c1NTO TRATAMOS LOS DATOS PERSONALES?<\/h2>\n\n\n\n<p>En www.milar.es se tratan los datos personales durante los siguientes plazos:<\/p>\n\n\n\n<ul>\n<li>&#8211; El periodo establecido por la ley<\/li>\n\n\n\n<li>&#8211; El per\u00edodo necesario para cumplir con las obligaciones operativas<\/li>\n<\/ul>\n\n\n\n<p>Se conservar\u00e1n los datos durante el tiempo necesario para cumplir con la finalidad para la que se recabaron y para determinar las posibles responsabilidades que se pudieran derivar de dicha finalidad y del tratamiento de los datos, conforme las normativas anteriormente expuestas, adem\u00e1s de los periodos establecidos en la normativa de archivos y documentaci\u00f3n que sea de aplicaci\u00f3n.<\/p>\n\n\n\n<h2 class=\"wp-block-heading\">7. \u00bfCON QUI\u00c9N COMPARTIMOS LOS DATOS PERSONALES?<\/h2>\n\n\n\n<p>Para cumplir las finalidades anteriormente descritas, se puede compartir datos personales con:<\/p>\n\n\n\n<ul>\n<li>&#8211; Proveedores de servicios que realizan servicios a nuestro nombre<\/li>\n\n\n\n<li>&#8211; Autoridades Judiciales, Agencias Estatales u organismos p\u00fablicos<\/li>\n\n\n\n<li>&#8211; Bancos, Cajas de Ahorros y Rurales<\/li>\n<\/ul>\n\n\n\n<p>En algunos casos SINERSIS utiliza herramientas y servicios de terceros para la gesti\u00f3n de esta web, as\u00ed como para la realizaci\u00f3n de campa\u00f1as de email, marketing, encuestas, etc. Algunos de dichos servicios pueden ser de titularidad de terceros residentes fuera de la Uni\u00f3n Europea (Google, WordPress, etc). SINERSIS procura utilizar herramientas seguras cuyos servidores se hallen preferiblemente en Espa\u00f1a, o en su defecto, en alg\u00fan estado miembro de la Uni\u00f3n Europea, o bien que cumplan la legalidad europea a tenor de las gu\u00edas y recomendaciones de la Agencia Espa\u00f1ola de Protecci\u00f3n de Datos, la Comisi\u00f3n Europea y los acuerdos comunitarios de referencia en materia de transferencia internacional de datos.<br>Le informamos de la transferencia de datos fuera del Espacio Econ\u00f3mico Europeo, basada en la existencia de garant\u00edas adecuadas de conformidad con el Reglamento General de Protecci\u00f3n de Datos y quedando estas garant\u00edas a disposici\u00f3n de quien las solicite expresamente a privacidad@milar.es.<\/p>\n\n\n\n<h2 class=\"wp-block-heading\">8. \u00bfQU\u00c9 DERECHOS PUEDES EJERCER?<\/h2>\n\n\n\n<p>Seg\u00fan la normativa europea los derechos que le asisten son los siguientes:<\/p>\n\n\n\n<p>Acceso, derecho a solicitar informaci\u00f3n al responsable de un fichero sobre si sus datos personales est\u00e1n siendo tratados.<\/p>\n\n\n\n<ul>\n<li>&#8211; Rectificaci\u00f3n, derecho que permite a la persona afectada solicitar la modificaci\u00f3n de datos que sean inexactos o incompletos.<\/li>\n\n\n\n<li>&#8211; Oposici\u00f3n, derecho de una persona a oponerse al tratamiento de sus datos personales o el cese de \u00e9stos.<\/li>\n\n\n\n<li>&#8211; Decisiones individuales automatizadas, derecho a no ser objeto de una decisi\u00f3n basada \u00fanicamente en el tratamiento automatizado, incluida la elaboraci\u00f3n de perfiles, que produzca efectos jur\u00eddicos en \u00e9l o le afecte significativamente de modo similar<\/li>\n\n\n\n<li>&#8211; Limitaci\u00f3n, derecho a suspender el tratamiento de los datos personales del usuario en determinados supuestos<\/li>\n\n\n\n<li>&#8211; Supresi\u00f3n u Olvido, derecho a supresi\u00f3n de los datos personales del interesado<\/li>\n\n\n\n<li>&#8211; Portabilidad, derecho a solicitar al responsable del tratamiento que se le faciliten los datos personales en un formato estructurado y claro a otro responsable.<\/li>\n<\/ul>\n\n\n\n<p>El plazo m\u00e1ximo para la resoluci\u00f3n de la solicitud es de 30 d\u00edas desde su recepci\u00f3n, puede prorrogarse como m\u00e1ximo por un plazo de 2 meses siempre que sea necesario.<\/p>\n\n\n\n<p>El solicitante puede ejercer sus derechos a trav\u00e9s de los siguientes medios:<\/p>\n\n\n\n<p>Email a privacidad@milar.es, aportando documentaci\u00f3n que acredite la identidad del solicitante (copia del anverso del Documento Nacional de Identidad, o equivalente)<\/p>\n\n\n\n<p>Correo postal a C\/ BRAVO MURILLO, 377 &#8211; 4\u00ba A 28020-MADRID aportando documentaci\u00f3n que acredite la identidad del solicitante (copia del anverso del Documento Nacional de Identidad, o equivalente)<\/p>\n\n\n\n<p>En cualquier caso, puede solicitar la tutela de la Agencia Espa\u00f1ola de Protecci\u00f3n de Datos a trav\u00e9s de su p\u00e1gina web<\/p>\n\n\n\n<h2 class=\"wp-block-heading\">9. LEGISLACI\u00d3N APLICABLE Y JURISDICCI\u00d3N<\/h2>\n\n\n\n<p>SINERSIS tiene su sede en Espa\u00f1a, por lo que el contenido de esta Pol\u00edtica de Privacidad se ha redactado en virtud de la legislaci\u00f3n espa\u00f1ola y normativa aplicable de la Uni\u00f3n Europea.<\/p>\n\n\n\n<p>El Usuario acepta que las reclamaciones o quejas contra SINERSIS que provengan o est\u00e9n relacionadas con el uso de este sitio web y m\u00e1s concretamente con el tratamiento de sus datos personales ser\u00e1n resueltas por el tribunal de la jurisdicci\u00f3n competente situado en Madrid. Si fuera SINERSIS quien tuviera que efectuar alg\u00fan tipo de reclamaci\u00f3n lo har\u00e1 ante el tribunal competente del domicilio del Usuario o en Madrid si se trata de personas jur\u00eddicas o profesionales no consumidores.<\/p>\n\n\n\n<p>Si el Usuario accede a este sitio desde una ubicaci\u00f3n fuera de Espa\u00f1a, es responsable de cumplir con todas las leyes locales e internacionales que te resulten de aplicaci\u00f3n.<\/p>\n\n\n\n<p><strong>Reserva del derecho a modificar la Pol\u00edtica de Privacidad.<\/strong><\/p>\n\n\n\n<p>SINERSIS podr\u00e1 modificar esta Pol\u00edtica de Privacidad en cualquier momento, atendiendo a la evoluci\u00f3n de esta web y los contenidos en ella ofrecidos, si as\u00ed lo considerase necesario, bien por causas legales, por causas t\u00e9cnicas, o debido a cambios en la naturaleza o disposici\u00f3n del sitio web, sin que exista obligaci\u00f3n de avisar o poner en conocimiento del usuario dichas modificaciones, entendi\u00e9ndose como suficiente su publicaci\u00f3n en el propio sitio web.<\/p>\n\n\n\n<p>Toda modificaci\u00f3n tendr\u00e1 efecto respecto a los Usuarios que usen esta web con posterioridad a dicha modificaci\u00f3n. La continuaci\u00f3n en el uso de este sitio despu\u00e9s de la publicaci\u00f3n de cualquier cambio se considerar\u00e1 como aceptaci\u00f3n de las mismas. Es por ello que, al final de estas Condiciones de Uso se publicar\u00e1 siempre la \u00faltima fecha de su actualizaci\u00f3n, por lo que los cambios introducidos ser\u00e1n efectivos a partir de dicha fecha.<\/p>\n\n\n\n<p>En caso de que el usuario no est\u00e9 de acuerdo con las actualizaciones de nuestra Pol\u00edtica de Privacidad, podr\u00e1 renunciar a las mismas no introduciendo sus datos personales en los formularios de contacto de la web o bien ejerciendo su derecho de oposici\u00f3n, cancelaci\u00f3n o supresi\u00f3n en los t\u00e9rminos establecidos en el apartado Ejercicio de derechos de esta Pol\u00edtica de Privacidad.<\/p>\n<\/div>\n\n\n\n<div class=\"wp-block-column is-layout-flow wp-block-column-is-layout-flow\" style=\"flex-basis:5%\"><\/div>\n<\/div>\n","protected":false},"excerpt":{"rendered":"<p>1. \u00bfQUI\u00c9N ES EL RESPONSABLE DEL TRATAMIENTO? Identidad del responsable: SINERSIS E-COMMERCE, S.L.U (B99372245) Direcci\u00f3n f\u00edsica: C\/ BRAVO MURILLO, 377 [&hellip;]<\/p>\n","protected":false},"author":1,"featured_media":0,"parent":0,"menu_order":0,"comment_status":"closed","ping_status":"open","template":"","meta":{"om_disable_all_campaigns":false,"_monsterinsights_skip_tracking":false,"_monsterinsights_sitenote_active":false,"_monsterinsights_sitenote_note":"","_monsterinsights_sitenote_category":0,"site-sidebar-layout":"default","site-content-layout":"","ast-site-content-layout":"","site-content-style":"default","site-sidebar-style":"default","ast-global-header-display":"","ast-banner-title-visibility":"","ast-main-header-display":"","ast-hfb-above-header-display":"","ast-hfb-below-header-display":"","ast-hfb-mobile-header-display":"","site-post-title":"","ast-breadcrumbs-content":"","ast-featured-img":"","footer-sml-layout":"","theme-transparent-header-meta":"","adv-header-id-meta":"","stick-header-meta":"","header-above-stick-meta":"","header-main-stick-meta":"","header-below-stick-meta":"","astra-migrate-meta-layouts":"default","ast-page-background-enabled":"default","ast-page-background-meta":{"desktop":{"background-color":"var(--ast-global-color-4)","background-image":"","background-repeat":"repeat","background-position":"center center","background-size":"auto","background-attachment":"scroll","background-type":"","background-media":"","overlay-type":"","overlay-color":"","overlay-gradient":""},"tablet":{"background-color":"","background-image":"","background-repeat":"repeat","background-position":"center center","background-size":"auto","background-attachment":"scroll","background-type":"","background-media":"","overlay-type":"","overlay-color":"","overlay-gradient":""},"mobile":{"background-color":"","background-image":"","background-repeat":"repeat","background-position":"center center","background-size":"auto","background-attachment":"scroll","background-type":"","background-media":"","overlay-type":"","overlay-color":"","overlay-gradient":""}},"ast-content-background-meta":{"desktop":{"background-color":"var(--ast-global-color-5)","background-image":"","background-repeat":"repeat","background-position":"center center","background-size":"auto","background-attachment":"scroll","background-type":"","background-media":"","overlay-type":"","overlay-color":"","overlay-gradient":""},"tablet":{"background-color":"var(--ast-global-color-5)","background-image":"","background-repeat":"repeat","background-position":"center center","background-size":"auto","background-attachment":"scroll","background-type":"","background-media":"","overlay-type":"","overlay-color":"","overlay-gradient":""},"mobile":{"background-color":"var(--ast-global-color-5)","background-image":"","background-repeat":"repeat","background-position":"center center","background-size":"auto","background-attachment":"scroll","background-type":"","background-media":"","overlay-type":"","overlay-color":"","overlay-gradient":""}},"footnotes":""},"aioseo_notices":[],"jetpack_sharing_enabled":true,"_links":{"self":[{"href":"https:\/\/lomina.es\/index.php?rest_route=\/wp\/v2\/pages\/3"}],"collection":[{"href":"https:\/\/lomina.es\/index.php?rest_route=\/wp\/v2\/pages"}],"about":[{"href":"https:\/\/lomina.es\/index.php?rest_route=\/wp\/v2\/types\/page"}],"author":[{"embeddable":true,"href":"https:\/\/lomina.es\/index.php?rest_route=\/wp\/v2\/users\/1"}],"replies":[{"embeddable":true,"href":"https:\/\/lomina.es\/index.php?rest_route=%2Fwp%2Fv2%2Fcomments&post=3"}],"version-history":[{"count":2,"href":"https:\/\/lomina.es\/index.php?rest_route=\/wp\/v2\/pages\/3\/revisions"}],"predecessor-version":[{"id":532,"href":"https:\/\/lomina.es\/index.php?rest_route=\/wp\/v2\/pages\/3\/revisions\/532"}],"wp:attachment":[{"href":"https:\/\/lomina.es\/index.php?rest_route=%2Fwp%2Fv2%2Fmedia&parent=3"}],"curies":[{"name":"wp","href":"https:\/\/api.w.org\/{rel}","templated":true}]}}